{"id":22,"date":"2019-03-28T15:26:30","date_gmt":"2019-03-28T14:26:30","guid":{"rendered":"http:\/\/ecologieprovence.org\/?page_id=22"},"modified":"2020-06-17T14:23:41","modified_gmt":"2020-06-17T12:23:41","slug":"mer-en-fete","status":"publish","type":"page","link":"https:\/\/www.ecologieprovence.org\/index.php\/mer-en-fete\/","title":{"rendered":"Mer en F\u00eate"},"content":{"rendered":"<p>L\u2019\u00e9v\u00e9nement \u00ab\u00a0Mer en F\u00eate\u00a0\u00bb se d\u00e9roule chaque ann\u00e9e au mois de mai\u00a0sur le Daniel Casanova, navire de la SNCM. Cette manifestation accueille plus de 2 500 scolaires sur 3 jours.<\/p>\n<p>Lors de ces journ\u00e9es d\u00e9couvertes, les \u00e9l\u00e8ves de primaire sont sensibilis\u00e9s sur l&rsquo;\u00e9cologie du milieu marin et apprennent \u00e0 conna\u00eetre leurs particularit\u00e9s.\u00a0Des enseignants, \u00e9l\u00e8ves, chercheurs, animateurs, professionnels du monde marins et artistes se retrouvent ainsi embarqu\u00e9s tous les ans dans la m\u00eame aventure pour pr\u00e9senter un <span style=\"color: #008080;\">programme p\u00e9dagogique riche et vari\u00e9.<\/span><\/p>\n<p>Notre\u00a0association est <span style=\"color: #008080;\">partenaire du CPIE corse <\/span><strong><a href=\"http:\/\/www.umarinu.com\/\">U\u00a0Marinu<\/a><\/strong>.<\/p>\n<p>Pour cette mission, la Maison de l\u2019Ecologie de Provence est en contact direct avec les \u00e9tablissements scolaires marseillais\u00a0pour les informer de la manifestation, les convaincre de s\u2019y s\u2019inscrire et organiser leur venue sur le bateau o\u00f9 <span style=\"color: #008080;\">plus de 2 000 enfants sont pr\u00e9sents.<\/span><\/p>\n<p>Cet \u00e9v\u00e9nement est l\u2019un des plus importants en termes de <span style=\"color: #33cccc;\"><span style=\"color: #008080;\">sensibilisation \u00e0 la protection de la M\u00e9diterran\u00e9e<\/span> <\/span>dans la r\u00e9gion.<\/p>\n<p>En effet,\u00a0une quarantaine d&rsquo;associations du pourtour m\u00e9diterran\u00e9en viennent\u00a0sensibiliser plus de 150 enseignants et pr\u00e8s de 4 000 enfants de Corse et du Continent.<\/p>\n<p style=\"text-align: center;\"><span style=\"color: #ff9900;\">Il y a trois villes \u00e9tape\u00a0: Marseille, Ajaccio et Bastia.<\/span><\/p>\n<p>Les enfants appr\u00e9cient beaucoup ce nouveau mode d\u2019enseignement et s\u2019approprient,<span style=\"color: #008080;\"> dans le plaisir et l\u2019\u00e9motion, des gestes \u00e9co-citoyens.<\/span><\/p>\n<p>Parall\u00e8lement \u00e0 cet \u00e9v\u00e9nement, se d\u00e9roule la rencontre M\u00e9d\u2019Educ \u00e0 Marseille. Elle compl\u00e8te la Mer en F\u00eate par un <span style=\"color: #008080;\">\u00e9change d\u2019exp\u00e9riences<\/span> entre scientifiques, \u00e9ducateurs, ONG, enseignants, mais aussi par une <span style=\"color: #008080;\">mutualisation des outils p\u00e9dagogiques li\u00e9s \u00e0 l\u2019Education au D\u00e9veloppement Durable.<\/span><\/p>\n<p><span style=\"color: #008080;\">Cet itin\u00e9raire p\u00e9dagogique traduit la volont\u00e9 de d\u00e9velopper une gouvernance m\u00e9diterran\u00e9enne par des strat\u00e9gies \u00e9ducatives, en promouvant la mer M\u00e9diterran\u00e9e comme une aire \u00e9co-culturelle de solidarit\u00e9 et de paix, pour mieux faire connaitre, aimer et prot\u00e9ger ce milieu riche et fragile.<\/span><\/p>\n<p>Lors de cette manifestation, des enseignants, chercheurs, animateurs, artistes et professionnels du monde marin pr\u00e9sentent des ateliers p\u00e9dagogiques riches et vari\u00e9s, \u00e0 destination des \u00e9l\u00e8ves de la grande section \u00e0 la 3\u00e8me. C\u2019est <span style=\"color: #33cccc;\">une v\u00e9ritable immersion au c\u0153ur du monde marin<\/span> et de ses th\u00e9matiques que les \u00e9l\u00e8ves sont invit\u00e9s \u00e0 vivre.<\/p>\n<p><img loading=\"lazy\" class=\"wp-image-721 alignright\" src=\"http:\/\/ecologieprovence.org\/wp-content\/uploads\/2019\/07\/le-poisson-.png\" alt=\"\" width=\"209\" height=\"149\" srcset=\"https:\/\/www.ecologieprovence.org\/wp-content\/uploads\/2019\/07\/le-poisson-.png 2100w, https:\/\/www.ecologieprovence.org\/wp-content\/uploads\/2019\/07\/le-poisson--300x214.png 300w, https:\/\/www.ecologieprovence.org\/wp-content\/uploads\/2019\/07\/le-poisson--768x549.png 768w, https:\/\/www.ecologieprovence.org\/wp-content\/uploads\/2019\/07\/le-poisson--1024x731.png 1024w, https:\/\/www.ecologieprovence.org\/wp-content\/uploads\/2019\/07\/le-poisson--1512x1080.png 1512w\" sizes=\"(max-width: 209px) 100vw, 209px\" \/><\/p>\n<ul>\n<li><em>Si votre structure \u0153uvre pour le d\u00e9veloppement durable et la M\u00e9diterran\u00e9e, et que vous souhaitez proposer un atelier \u2013 N\u2019h\u00e9sitez pas \u00e0 contacter l\u2019organisateur \u00e0\u00a0:\u00a0<a href=\"mailto:merenfete@wanadoo.fr\">merenfete@wanadoo.fr\u00a0<\/a>pour plus de renseignements<\/em><\/li>\n<li><em>Si vous \u00eates une \u00e9cole et que vous souhaitez assistez \u00e0 cette manifestation \u2013 Les dates d\u2019inscriptions sont g\u00e9n\u00e9ralement fix\u00e9es en avril.<\/em><\/li>\n<\/ul>\n<p>&nbsp;<\/p>\n<h4><a href=\"https:\/\/www.facebook.com\/victorhugo.espinosa\/media_set?set=a.10157422588067049&amp;type=3\">Photos de l&rsquo;\u00e9v\u00e9nement pass\u00e9<\/a><\/h4>\n<div id=\"envira-gallery-wrap-469\" class=\"envira-gallery-wrap envira-gallery-theme-base envira-lightbox-theme-base\" itemscope itemtype=\"https:\/\/schema.org\/ImageGallery\"><div style=\"opacity: 0.0\"  data-row-height=\"150\" data-gallery-theme=\"normal\" id=\"envira-gallery-469\" class=\"envira-gallery-public envira-gallery-justified-public envira-gallery-0-columns envira-clear enviratope envira-gallery-css-animations\" data-envira-columns=\"0\"><div id=\"envira-gallery-item-478\" class=\"envira-gallery-item enviratope-item envira-gallery-item-1 envira-lazy-load\" style=\"padding-left: 5px; padding-bottom: 10px; padding-right: 5px;\"  itemscope itemtype=\"https:\/\/schema.org\/ImageObject\"><div class=\"envira-gallery-item-inner\"><div class=\"envira-gallery-position-overlay  envira-gallery-top-left\"><\/div><div class=\"envira-gallery-position-overlay  envira-gallery-top-right\"><\/div><div class=\"envira-gallery-position-overlay  envira-gallery-bottom-left\"><\/div><div class=\"envira-gallery-position-overlay  envira-gallery-bottom-right\"><\/div><a href=\"http:\/\/ecologieprovence.org\/wp-content\/uploads\/2019\/05\/190523-Mer-en-Fete-46.jpg\" class=\"envira-gallery-469 envira-gallery-link\" rel=\"enviragallery469\" title=\"Atelier Les Calanques et Nous anim\u00e9 par les \u00e9cogardes du parc national des calanques\" data-envira-caption=\"Atelier Les Calanques et Nous anim\u00e9 par les \u00e9cogardes du parc national des calanques\" data-envira-retina=\"\" data-thumbnail=\"\"  itemprop=\"contentUrl\"><img id=\"envira-gallery-image-478\" class=\"envira-gallery-image envira-gallery-image-1 envira-normal envira-lazy\" data-envira-index=\"1\" src=\"https:\/\/www.ecologieprovence.org\/wp-content\/uploads\/2019\/05\/190523-Mer-en-Fete-46-1024x683-640x480.jpg\" data-envira-src=\"https:\/\/www.ecologieprovence.org\/wp-content\/uploads\/2019\/05\/190523-Mer-en-Fete-46-1024x683-640x480.jpg\" data-envira-gallery-id=\"469\" data-envira-item-id=\"478\" data-envira-caption=\"Atelier Les Calanques et Nous anim\u00e9 par les \u00e9cogardes du parc national des calanques\" alt=\"\" title=\"Atelier Les Calanques et Nous anim\u00e9 par les \u00e9cogardes du parc national des calanques\"  itemprop=\"thumbnailUrl\" data-envira-srcset=\"https:\/\/www.ecologieprovence.org\/wp-content\/uploads\/2019\/05\/190523-Mer-en-Fete-46-1024x683-640x480.jpg 400w,https:\/\/www.ecologieprovence.org\/wp-content\/uploads\/2019\/05\/190523-Mer-en-Fete-46-1024x683-640x480.jpg 2x\" data-envira-width=\"300\" data-envira-height=\"200\" srcset=\"data:image\/gif;base64,R0lGODlhAQABAIAAAP\/\/\/\/\/\/\/yH5BAEKAAEALAAAAAABAAEAAAICTAEAOw==\" data-safe-src=\"data:image\/gif;base64,R0lGODlhAQABAIAAAP\/\/\/\/\/\/\/yH5BAEKAAEALAAAAAABAAEAAAICTAEAOw==\" \/><\/a><\/div><\/div><div id=\"envira-gallery-item-474\" class=\"envira-gallery-item enviratope-item envira-gallery-item-2 envira-lazy-load\" style=\"padding-left: 5px; padding-bottom: 10px; padding-right: 5px;\"  itemscope itemtype=\"https:\/\/schema.org\/ImageObject\"><div class=\"envira-gallery-item-inner\"><div class=\"envira-gallery-position-overlay  envira-gallery-top-left\"><\/div><div class=\"envira-gallery-position-overlay  envira-gallery-top-right\"><\/div><div class=\"envira-gallery-position-overlay  envira-gallery-bottom-left\"><\/div><div class=\"envira-gallery-position-overlay  envira-gallery-bottom-right\"><\/div><a href=\"http:\/\/ecologieprovence.org\/wp-content\/uploads\/2019\/05\/Ph20190525-MerenFete-18-1.jpg\" class=\"envira-gallery-469 envira-gallery-link\" rel=\"enviragallery469\" title=\"Animation L'Eau et Moi anim\u00e9e par La Maison de L'Ecologie de Provence\" data-envira-caption=\"Animation L'Eau et Moi anim\u00e9e par La Maison de L'Ecologie de Provence\" data-envira-retina=\"\" data-thumbnail=\"\"  itemprop=\"contentUrl\"><img id=\"envira-gallery-image-474\" class=\"envira-gallery-image envira-gallery-image-2 envira-normal envira-lazy\" data-envira-index=\"2\" src=\"https:\/\/www.ecologieprovence.org\/wp-content\/uploads\/2019\/05\/Ph20190525-MerenFete-18-1-1024x683-640x480.jpg\" data-envira-src=\"https:\/\/www.ecologieprovence.org\/wp-content\/uploads\/2019\/05\/Ph20190525-MerenFete-18-1-1024x683-640x480.jpg\" data-envira-gallery-id=\"469\" data-envira-item-id=\"474\" data-envira-caption=\"Animation L'Eau et Moi anim\u00e9e par La Maison de L'Ecologie de Provence\" alt=\"Comment l&#039;eau est-elle r\u00e9partie dans le monde ?\" title=\"Animation L'Eau et Moi anim\u00e9e par La Maison de L'Ecologie de Provence\"  itemprop=\"thumbnailUrl\" data-envira-srcset=\"https:\/\/www.ecologieprovence.org\/wp-content\/uploads\/2019\/05\/Ph20190525-MerenFete-18-1-1024x683-640x480.jpg 400w,https:\/\/www.ecologieprovence.org\/wp-content\/uploads\/2019\/05\/Ph20190525-MerenFete-18-1-1024x683-640x480.jpg 2x\" data-envira-width=\"300\" data-envira-height=\"200\" srcset=\"data:image\/gif;base64,R0lGODlhAQABAIAAAP\/\/\/\/\/\/\/yH5BAEKAAEALAAAAAABAAEAAAICTAEAOw==\" data-safe-src=\"data:image\/gif;base64,R0lGODlhAQABAIAAAP\/\/\/\/\/\/\/yH5BAEKAAEALAAAAAABAAEAAAICTAEAOw==\" \/><\/a><\/div><\/div><div id=\"envira-gallery-item-464\" class=\"envira-gallery-item enviratope-item envira-gallery-item-3 envira-lazy-load\" style=\"padding-left: 5px; padding-bottom: 10px; padding-right: 5px;\"  itemscope itemtype=\"https:\/\/schema.org\/ImageObject\"><div class=\"envira-gallery-item-inner\"><div class=\"envira-gallery-position-overlay  envira-gallery-top-left\"><\/div><div class=\"envira-gallery-position-overlay  envira-gallery-top-right\"><\/div><div class=\"envira-gallery-position-overlay  envira-gallery-bottom-left\"><\/div><div class=\"envira-gallery-position-overlay  envira-gallery-bottom-right\"><\/div><a href=\"http:\/\/ecologieprovence.org\/wp-content\/uploads\/2019\/05\/190523-Mer-en-Fete-109.jpg\" class=\"envira-gallery-469 envira-gallery-link\" rel=\"enviragallery469\" title=\"L'\u00e9quipe des diverses animations sur le Danielle Casanova\" data-envira-caption=\"L'\u00e9quipe des diverses animations sur le Danielle Casanova\" data-envira-retina=\"\" data-thumbnail=\"\"  itemprop=\"contentUrl\"><img id=\"envira-gallery-image-464\" class=\"envira-gallery-image envira-gallery-image-3 envira-normal envira-lazy\" data-envira-index=\"3\" src=\"https:\/\/www.ecologieprovence.org\/wp-content\/uploads\/2019\/05\/190523-Mer-en-Fete-109-1024x683-640x480.jpg\" data-envira-src=\"https:\/\/www.ecologieprovence.org\/wp-content\/uploads\/2019\/05\/190523-Mer-en-Fete-109-1024x683-640x480.jpg\" data-envira-gallery-id=\"469\" data-envira-item-id=\"464\" data-envira-caption=\"L'\u00e9quipe des diverses animations sur le Danielle Casanova\" alt=\"Merci \u00e0 nos partenaires, b\u00e9n\u00e9voles et volontaires en service civique !\" title=\"L'\u00e9quipe des diverses animations sur le Danielle Casanova\"  itemprop=\"thumbnailUrl\" data-envira-srcset=\"https:\/\/www.ecologieprovence.org\/wp-content\/uploads\/2019\/05\/190523-Mer-en-Fete-109-1024x683-640x480.jpg 400w,https:\/\/www.ecologieprovence.org\/wp-content\/uploads\/2019\/05\/190523-Mer-en-Fete-109-1024x683-640x480.jpg 2x\" data-envira-width=\"300\" data-envira-height=\"200\" srcset=\"data:image\/gif;base64,R0lGODlhAQABAIAAAP\/\/\/\/\/\/\/yH5BAEKAAEALAAAAAABAAEAAAICTAEAOw==\" data-safe-src=\"data:image\/gif;base64,R0lGODlhAQABAIAAAP\/\/\/\/\/\/\/yH5BAEKAAEALAAAAAABAAEAAAICTAEAOw==\" \/><\/a><\/div><\/div><div id=\"envira-gallery-item-475\" class=\"envira-gallery-item enviratope-item envira-gallery-item-4 envira-lazy-load\" style=\"padding-left: 5px; padding-bottom: 10px; padding-right: 5px;\"  itemscope itemtype=\"https:\/\/schema.org\/ImageObject\"><div class=\"envira-gallery-item-inner\"><div class=\"envira-gallery-position-overlay  envira-gallery-top-left\"><\/div><div class=\"envira-gallery-position-overlay  envira-gallery-top-right\"><\/div><div class=\"envira-gallery-position-overlay  envira-gallery-bottom-left\"><\/div><div class=\"envira-gallery-position-overlay  envira-gallery-bottom-right\"><\/div><a href=\"http:\/\/ecologieprovence.org\/wp-content\/uploads\/2019\/05\/190523-Mer-en-Fete-147.jpg\" class=\"envira-gallery-469 envira-gallery-link\" rel=\"enviragallery469\" title=\"Marie Anne Le Meur, directrice de la F\u00e9d\u00e9ration L'Air et Moi pour la protection de la mer m\u00e9diterran\u00e9e\" data-envira-caption=\"Marie Anne Le Meur, directrice de la F\u00e9d\u00e9ration L'Air et Moi pour la protection de la mer m\u00e9diterran\u00e9e\" data-envira-retina=\"\" data-thumbnail=\"\"  itemprop=\"contentUrl\"><img id=\"envira-gallery-image-475\" class=\"envira-gallery-image envira-gallery-image-4 envira-normal envira-lazy\" data-envira-index=\"4\" src=\"https:\/\/www.ecologieprovence.org\/wp-content\/uploads\/2019\/05\/190523-Mer-en-Fete-147-1024x683-640x480.jpg\" data-envira-src=\"https:\/\/www.ecologieprovence.org\/wp-content\/uploads\/2019\/05\/190523-Mer-en-Fete-147-1024x683-640x480.jpg\" data-envira-gallery-id=\"469\" data-envira-item-id=\"475\" data-envira-caption=\"Marie Anne Le Meur, directrice de la F\u00e9d\u00e9ration L'Air et Moi pour la protection de la mer m\u00e9diterran\u00e9e\" alt=\"\" title=\"Marie Anne Le Meur, directrice de la F\u00e9d\u00e9ration L'Air et Moi pour la protection de la mer m\u00e9diterran\u00e9e\"  itemprop=\"thumbnailUrl\" data-envira-srcset=\"https:\/\/www.ecologieprovence.org\/wp-content\/uploads\/2019\/05\/190523-Mer-en-Fete-147-1024x683-640x480.jpg 400w,https:\/\/www.ecologieprovence.org\/wp-content\/uploads\/2019\/05\/190523-Mer-en-Fete-147-1024x683-640x480.jpg 2x\" data-envira-width=\"300\" data-envira-height=\"200\" srcset=\"data:image\/gif;base64,R0lGODlhAQABAIAAAP\/\/\/\/\/\/\/yH5BAEKAAEALAAAAAABAAEAAAICTAEAOw==\" data-safe-src=\"data:image\/gif;base64,R0lGODlhAQABAIAAAP\/\/\/\/\/\/\/yH5BAEKAAEALAAAAAABAAEAAAICTAEAOw==\" \/><\/a><\/div><\/div><\/div><\/div><noscript><img src=\"https:\/\/www.ecologieprovence.org\/wp-content\/uploads\/2019\/05\/190523-Mer-en-Fete-46.jpg\" alt=\"\" \/><img src=\"https:\/\/www.ecologieprovence.org\/wp-content\/uploads\/2019\/05\/Ph20190525-MerenFete-18-1.jpg\" alt=\"Comment l&#039;eau est-elle r\u00e9partie dans le monde ?\" \/><img src=\"https:\/\/www.ecologieprovence.org\/wp-content\/uploads\/2019\/05\/190523-Mer-en-Fete-109.jpg\" alt=\"Merci \u00e0 nos partenaires, b\u00e9n\u00e9voles et volontaires en service civique !\" \/><img src=\"https:\/\/www.ecologieprovence.org\/wp-content\/uploads\/2019\/05\/190523-Mer-en-Fete-147.jpg\" alt=\"\" \/><\/noscript>\n<p>&nbsp;<\/p>\n","protected":false},"excerpt":{"rendered":"<p>L\u2019\u00e9v\u00e9nement \u00ab\u00a0Mer en F\u00eate\u00a0\u00bb se d\u00e9roule chaque ann\u00e9e au mois de mai\u00a0sur le Daniel Casanova, navire de la SNCM. Cette manifestation accueille plus de 2 500 scolaires sur 3 jours. Lors de ces journ\u00e9es d\u00e9couvertes, les \u00e9l\u00e8ves de primaire sont sensibilis\u00e9s sur l&rsquo;\u00e9cologie du milieu marin et apprennent \u00e0 conna\u00eetre leurs particularit\u00e9s.\u00a0Des enseignants, \u00e9l\u00e8ves, chercheurs,&hellip; <br \/> <a class=\"button small blue\" href=\"https:\/\/www.ecologieprovence.org\/index.php\/mer-en-fete\/\">Lire la suite<\/a><\/p>\n","protected":false},"author":1,"featured_media":0,"parent":0,"menu_order":0,"comment_status":"closed","ping_status":"closed","template":"","meta":[],"yoast_head":"<!-- This site is optimized with the Yoast SEO plugin v19.7.1 - https:\/\/yoast.com\/wordpress\/plugins\/seo\/ -->\n<title>Mer en F\u00eate &bull; Maison Ecologie Provence<\/title>\n<meta name=\"robots\" content=\"index, follow, max-snippet:-1, max-image-preview:large, max-video-preview:-1\" \/>\n<link rel=\"canonical\" href=\"https:\/\/www.ecologieprovence.org\/index.php\/mer-en-fete\/\" \/>\n<meta property=\"og:locale\" content=\"fr_FR\" \/>\n<meta property=\"og:type\" content=\"article\" \/>\n<meta property=\"og:title\" content=\"Mer en F\u00eate &bull; Maison Ecologie Provence\" \/>\n<meta property=\"og:description\" content=\"L\u2019\u00e9v\u00e9nement \u00ab\u00a0Mer en F\u00eate\u00a0\u00bb se d\u00e9roule chaque ann\u00e9e au mois de mai\u00a0sur le Daniel Casanova, navire de la SNCM. Cette manifestation accueille plus de 2 500 scolaires sur 3 jours. Lors de ces journ\u00e9es d\u00e9couvertes, les \u00e9l\u00e8ves de primaire sont sensibilis\u00e9s sur l&rsquo;\u00e9cologie du milieu marin et apprennent \u00e0 conna\u00eetre leurs particularit\u00e9s.\u00a0Des enseignants, \u00e9l\u00e8ves, chercheurs,&hellip; Lire la suite\" \/>\n<meta property=\"og:url\" content=\"https:\/\/www.ecologieprovence.org\/index.php\/mer-en-fete\/\" \/>\n<meta property=\"og:site_name\" content=\"Maison Ecologie Provence\" \/>\n<meta property=\"article:publisher\" content=\"https:\/\/www.facebook.com\/maisonecologieprovence\/\" \/>\n<meta property=\"article:modified_time\" content=\"2020-06-17T12:23:41+00:00\" \/>\n<meta property=\"og:image\" content=\"http:\/\/ecologieprovence.org\/wp-content\/uploads\/2019\/07\/le-poisson-.png\" \/>\n<meta name=\"twitter:card\" content=\"summary_large_image\" \/>\n<meta name=\"twitter:label1\" content=\"Dur\u00e9e de lecture estim\u00e9e\" \/>\n\t<meta name=\"twitter:data1\" content=\"2 minutes\" \/>\n<script type=\"application\/ld+json\" class=\"yoast-schema-graph\">{\"@context\":\"https:\/\/schema.org\",\"@graph\":[{\"@type\":\"WebPage\",\"@id\":\"https:\/\/www.ecologieprovence.org\/index.php\/mer-en-fete\/\",\"url\":\"https:\/\/www.ecologieprovence.org\/index.php\/mer-en-fete\/\",\"name\":\"Mer en F\u00eate &bull; Maison Ecologie Provence\",\"isPartOf\":{\"@id\":\"https:\/\/www.ecologieprovence.org\/#website\"},\"datePublished\":\"2019-03-28T14:26:30+00:00\",\"dateModified\":\"2020-06-17T12:23:41+00:00\",\"breadcrumb\":{\"@id\":\"https:\/\/www.ecologieprovence.org\/index.php\/mer-en-fete\/#breadcrumb\"},\"inLanguage\":\"fr-FR\",\"potentialAction\":[{\"@type\":\"ReadAction\",\"target\":[\"https:\/\/www.ecologieprovence.org\/index.php\/mer-en-fete\/\"]}]},{\"@type\":\"BreadcrumbList\",\"@id\":\"https:\/\/www.ecologieprovence.org\/index.php\/mer-en-fete\/#breadcrumb\",\"itemListElement\":[{\"@type\":\"ListItem\",\"position\":1,\"name\":\"Accueil\",\"item\":\"https:\/\/www.ecologieprovence.org\/\"},{\"@type\":\"ListItem\",\"position\":2,\"name\":\"Mer en F\u00eate\"}]},{\"@type\":\"WebSite\",\"@id\":\"https:\/\/www.ecologieprovence.org\/#website\",\"url\":\"https:\/\/www.ecologieprovence.org\/\",\"name\":\"Maison Ecologie Provence\",\"description\":\"\",\"publisher\":{\"@id\":\"https:\/\/www.ecologieprovence.org\/#organization\"},\"potentialAction\":[{\"@type\":\"SearchAction\",\"target\":{\"@type\":\"EntryPoint\",\"urlTemplate\":\"https:\/\/www.ecologieprovence.org\/?s={search_term_string}\"},\"query-input\":\"required name=search_term_string\"}],\"inLanguage\":\"fr-FR\"},{\"@type\":\"Organization\",\"@id\":\"https:\/\/www.ecologieprovence.org\/#organization\",\"name\":\"Maison de L'Ecologie de Provence\",\"url\":\"https:\/\/www.ecologieprovence.org\/\",\"sameAs\":[\"https:\/\/www.linkedin.com\/company\/maison-de-l-ecologie-de-provence\",\"https:\/\/www.youtube.com\/channel\/UCLaOSLMkLPs5ge-JOo8-QeA\",\"https:\/\/www.facebook.com\/maisonecologieprovence\/\"],\"logo\":{\"@type\":\"ImageObject\",\"inLanguage\":\"fr-FR\",\"@id\":\"https:\/\/www.ecologieprovence.org\/#\/schema\/logo\/image\/\",\"url\":\"http:\/\/ecologieprovence.org\/wp-content\/uploads\/2019\/05\/v23-72-PPI.png\",\"contentUrl\":\"http:\/\/ecologieprovence.org\/wp-content\/uploads\/2019\/05\/v23-72-PPI.png\",\"width\":1004,\"height\":403,\"caption\":\"Maison de L'Ecologie de Provence\"},\"image\":{\"@id\":\"https:\/\/www.ecologieprovence.org\/#\/schema\/logo\/image\/\"}}]}<\/script>\n<!-- \/ Yoast SEO plugin. -->","yoast_head_json":{"title":"Mer en F\u00eate &bull; Maison Ecologie Provence","robots":{"index":"index","follow":"follow","max-snippet":"max-snippet:-1","max-image-preview":"max-image-preview:large","max-video-preview":"max-video-preview:-1"},"canonical":"https:\/\/www.ecologieprovence.org\/index.php\/mer-en-fete\/","og_locale":"fr_FR","og_type":"article","og_title":"Mer en F\u00eate &bull; Maison Ecologie Provence","og_description":"L\u2019\u00e9v\u00e9nement \u00ab\u00a0Mer en F\u00eate\u00a0\u00bb se d\u00e9roule chaque ann\u00e9e au mois de mai\u00a0sur le Daniel Casanova, navire de la SNCM. Cette manifestation accueille plus de 2 500 scolaires sur 3 jours. Lors de ces journ\u00e9es d\u00e9couvertes, les \u00e9l\u00e8ves de primaire sont sensibilis\u00e9s sur l&rsquo;\u00e9cologie du milieu marin et apprennent \u00e0 conna\u00eetre leurs particularit\u00e9s.\u00a0Des enseignants, \u00e9l\u00e8ves, chercheurs,&hellip; Lire la suite","og_url":"https:\/\/www.ecologieprovence.org\/index.php\/mer-en-fete\/","og_site_name":"Maison Ecologie Provence","article_publisher":"https:\/\/www.facebook.com\/maisonecologieprovence\/","article_modified_time":"2020-06-17T12:23:41+00:00","og_image":[{"url":"http:\/\/ecologieprovence.org\/wp-content\/uploads\/2019\/07\/le-poisson-.png"}],"twitter_card":"summary_large_image","twitter_misc":{"Dur\u00e9e de lecture estim\u00e9e":"2 minutes"},"schema":{"@context":"https:\/\/schema.org","@graph":[{"@type":"WebPage","@id":"https:\/\/www.ecologieprovence.org\/index.php\/mer-en-fete\/","url":"https:\/\/www.ecologieprovence.org\/index.php\/mer-en-fete\/","name":"Mer en F\u00eate &bull; Maison Ecologie Provence","isPartOf":{"@id":"https:\/\/www.ecologieprovence.org\/#website"},"datePublished":"2019-03-28T14:26:30+00:00","dateModified":"2020-06-17T12:23:41+00:00","breadcrumb":{"@id":"https:\/\/www.ecologieprovence.org\/index.php\/mer-en-fete\/#breadcrumb"},"inLanguage":"fr-FR","potentialAction":[{"@type":"ReadAction","target":["https:\/\/www.ecologieprovence.org\/index.php\/mer-en-fete\/"]}]},{"@type":"BreadcrumbList","@id":"https:\/\/www.ecologieprovence.org\/index.php\/mer-en-fete\/#breadcrumb","itemListElement":[{"@type":"ListItem","position":1,"name":"Accueil","item":"https:\/\/www.ecologieprovence.org\/"},{"@type":"ListItem","position":2,"name":"Mer en F\u00eate"}]},{"@type":"WebSite","@id":"https:\/\/www.ecologieprovence.org\/#website","url":"https:\/\/www.ecologieprovence.org\/","name":"Maison Ecologie Provence","description":"","publisher":{"@id":"https:\/\/www.ecologieprovence.org\/#organization"},"potentialAction":[{"@type":"SearchAction","target":{"@type":"EntryPoint","urlTemplate":"https:\/\/www.ecologieprovence.org\/?s={search_term_string}"},"query-input":"required name=search_term_string"}],"inLanguage":"fr-FR"},{"@type":"Organization","@id":"https:\/\/www.ecologieprovence.org\/#organization","name":"Maison de L'Ecologie de Provence","url":"https:\/\/www.ecologieprovence.org\/","sameAs":["https:\/\/www.linkedin.com\/company\/maison-de-l-ecologie-de-provence","https:\/\/www.youtube.com\/channel\/UCLaOSLMkLPs5ge-JOo8-QeA","https:\/\/www.facebook.com\/maisonecologieprovence\/"],"logo":{"@type":"ImageObject","inLanguage":"fr-FR","@id":"https:\/\/www.ecologieprovence.org\/#\/schema\/logo\/image\/","url":"http:\/\/ecologieprovence.org\/wp-content\/uploads\/2019\/05\/v23-72-PPI.png","contentUrl":"http:\/\/ecologieprovence.org\/wp-content\/uploads\/2019\/05\/v23-72-PPI.png","width":1004,"height":403,"caption":"Maison de L'Ecologie de Provence"},"image":{"@id":"https:\/\/www.ecologieprovence.org\/#\/schema\/logo\/image\/"}}]}},"_links":{"self":[{"href":"https:\/\/www.ecologieprovence.org\/index.php\/wp-json\/wp\/v2\/pages\/22"}],"collection":[{"href":"https:\/\/www.ecologieprovence.org\/index.php\/wp-json\/wp\/v2\/pages"}],"about":[{"href":"https:\/\/www.ecologieprovence.org\/index.php\/wp-json\/wp\/v2\/types\/page"}],"author":[{"embeddable":true,"href":"https:\/\/www.ecologieprovence.org\/index.php\/wp-json\/wp\/v2\/users\/1"}],"replies":[{"embeddable":true,"href":"https:\/\/www.ecologieprovence.org\/index.php\/wp-json\/wp\/v2\/comments?post=22"}],"version-history":[{"count":13,"href":"https:\/\/www.ecologieprovence.org\/index.php\/wp-json\/wp\/v2\/pages\/22\/revisions"}],"predecessor-version":[{"id":1395,"href":"https:\/\/www.ecologieprovence.org\/index.php\/wp-json\/wp\/v2\/pages\/22\/revisions\/1395"}],"wp:attachment":[{"href":"https:\/\/www.ecologieprovence.org\/index.php\/wp-json\/wp\/v2\/media?parent=22"}],"curies":[{"name":"wp","href":"https:\/\/api.w.org\/{rel}","templated":true}]}}